{"id":3405,"date":"2025-09-09T10:55:39","date_gmt":"2025-09-09T08:55:39","guid":{"rendered":"https:\/\/arcampin.be\/primaire\/?page_id=3405"},"modified":"2025-09-10T08:41:53","modified_gmt":"2025-09-10T06:41:53","slug":"horaire-des-cours","status":"publish","type":"page","link":"https:\/\/arcampin.be\/primaire\/horaire-des-cours\/","title":{"rendered":"Horaire des cours"},"content":{"rendered":"\n<p>En section primaire, les cours d\u00e9butent \u00e0 8h20 pr\u00e9cises.<\/p>\n\n\n\n<p>Coupure du midi, de 11h55 \u00e0 13h15.<\/p>\n\n\n\n<p>Fin des cours \u00e0 14h55.<\/p>\n\n\n\n<p>Le mercredi, les cours commencent \u00e0 8h20 et se terminent \u00e0 11h55.<\/p>\n\n\n\n<figure class=\"wp-block-image size-large\"><img loading=\"lazy\" width=\"1024\" height=\"662\" src=\"https:\/\/arcampin.be\/primaire\/wp-content\/uploads\/2025\/09\/cour-1024x662.jpg\" alt=\"\" class=\"wp-image-3410\" srcset=\"https:\/\/arcampin.be\/primaire\/wp-content\/uploads\/2025\/09\/cour-1024x662.jpg 1024w, https:\/\/arcampin.be\/primaire\/wp-content\/uploads\/2025\/09\/cour-464x300.jpg 464w, https:\/\/arcampin.be\/primaire\/wp-content\/uploads\/2025\/09\/cour-768x497.jpg 768w, https:\/\/arcampin.be\/primaire\/wp-content\/uploads\/2025\/09\/cour.jpg 1237w\" sizes=\"(max-width: 1024px) 100vw, 1024px\" \/><\/figure>\n\n\n\n<p><\/p>\n\n\n\n<p><\/p>\n","protected":false},"excerpt":{"rendered":"<p>En section primaire, les cours d\u00e9butent \u00e0 8h20 pr\u00e9cises. Coupure du midi, de 11h55 \u00e0 13h15. Fin des cours \u00e0 14h55. Le mercredi, les cours commencent \u00e0 8h20 et se terminent \u00e0 11h55.<\/p>\n","protected":false},"author":1,"featured_media":0,"parent":0,"menu_order":0,"comment_status":"closed","ping_status":"closed","template":"","meta":[],"_links":{"self":[{"href":"https:\/\/arcampin.be\/primaire\/wp-json\/wp\/v2\/pages\/3405"}],"collection":[{"href":"https:\/\/arcampin.be\/primaire\/wp-json\/wp\/v2\/pages"}],"about":[{"href":"https:\/\/arcampin.be\/primaire\/wp-json\/wp\/v2\/types\/page"}],"author":[{"embeddable":true,"href":"https:\/\/arcampin.be\/primaire\/wp-json\/wp\/v2\/users\/1"}],"replies":[{"embeddable":true,"href":"https:\/\/arcampin.be\/primaire\/wp-json\/wp\/v2\/comments?post=3405"}],"version-history":[{"count":3,"href":"https:\/\/arcampin.be\/primaire\/wp-json\/wp\/v2\/pages\/3405\/revisions"}],"predecessor-version":[{"id":3412,"href":"https:\/\/arcampin.be\/primaire\/wp-json\/wp\/v2\/pages\/3405\/revisions\/3412"}],"wp:attachment":[{"href":"https:\/\/arcampin.be\/primaire\/wp-json\/wp\/v2\/media?parent=3405"}],"curies":[{"name":"wp","href":"https:\/\/api.w.org\/{rel}","templated":true}]}}