{"id":28,"date":"2016-10-03T19:21:46","date_gmt":"2016-10-03T17:21:46","guid":{"rendered":"https:\/\/arcampin.be\/primaire\/?page_id=28"},"modified":"2016-12-14T18:27:06","modified_gmt":"2016-12-14T17:27:06","slug":"le-projet-detablissement","status":"publish","type":"page","link":"https:\/\/arcampin.be\/primaire\/le-projet-detablissement\/","title":{"rendered":"Le projet d&rsquo;\u00e9tablissement"},"content":{"rendered":"<p><span style=\"font-size: medium;\"><b><span style=\"color: #cc3333;\">\u00ab\u00a0REUSSIR ENSEMBLE ET CONDUIRE CHACUN\u00a0VERS SA PROPRE EXCELLENCE\u00a0\u00bb<br \/>\n<\/span><\/b><span style=\"color: #cc3333;\">(Lien PDF<\/span><b><span style=\"color: #cc3333;\"> <a href=\"http:\/\/arcampin.be\/blog\/wp-content\/uploads\/2016\/08\/1617-PROJET.pdf\" target=\"_blank\"><img loading=\"lazy\" class=\"alignnone wp-image-678\" src=\"https:\/\/arcampin.be\/primaire\/wp-content\/uploads\/2016\/12\/pdf.jpg\" alt=\"pdf\" width=\"35\" height=\"35\" srcset=\"https:\/\/arcampin.be\/primaire\/wp-content\/uploads\/2016\/12\/pdf.jpg 204w, https:\/\/arcampin.be\/primaire\/wp-content\/uploads\/2016\/12\/pdf-150x150.jpg 150w\" sizes=\"(max-width: 35px) 100vw, 35px\" \/><\/a>\u00a0<\/span><\/b><span style=\"color: #cc3333;\">)<\/span><b><span style=\"color: #cc3333;\"><br \/>\n<\/span><\/b><\/span><\/p>\n<p>A l\u2019Ath\u00e9n\u00e9e Robert Campin, nous avons d\u00e9cid\u00e9, dans le respect du D\u00e9cret Missions, de baser notre projet d\u2019\u00e9tablissement sur des projets p\u00e9dagogiques et \u00e9ducatifs qui tiennent compte des sp\u00e9cificit\u00e9s de notre \u00e9tablissement, de la personnalit\u00e9 des enfants qui nous sont confi\u00e9s et des valeurs partag\u00e9es par toute notre \u00e9quipe p\u00e9dagogique.<\/p>\n<p>Si notre r\u00f4le principal est avant tout \u00ab <strong>enseigner<\/strong>\u00a0\u00bb, nous voulons transmettre non seulement des <strong>savoirs<\/strong>\u00a0(il n\u2019y a pas de comp\u00e9tences possibles sans savoirs), mais principalement des <strong>savoir-faire<\/strong> et des<strong> savoir-\u00eatre<\/strong> afin que nos \u00e9l\u00e8ves d\u2019aujourd\u2019hui soient les adultes \u00e9panouis, responsables et autonomes de demain.<\/p>\n<p>Notre projet d\u2019\u00e9tablissement s\u2019articulera donc autour de <strong>5 axes<\/strong> qui nous permettront d\u2019atteindre les 2 objectifs prioritaires que nous nous sommes fix\u00e9s : <em><strong>R\u00e9ussir ensemble et conduire chacun vers sa propre excellence\u2026<\/strong><\/em> , gr\u00e2ce \u00e0 un enseignement de qualit\u00e9 et la d\u00e9fense de valeurs telles que le respect, la tol\u00e9rance, le go\u00fbt de l\u2019effort et du travail, la rigueur mais aussi l\u2019entraide, l\u2019esprit d\u2019\u00e9quipe, la convivialit\u00e9, la non-violence, l\u2019autonomie, la r\u00e9ciprocit\u00e9, le d\u00e9passement de ses propres limites : valeurs que s\u2019efforcent de respecter les professeurs eux-m\u00eames.<\/p>\n<p><a href=\"http:\/\/arcampin.be\/blog\/wp-content\/uploads\/2016\/08\/1617-PROJET.pdf\" target=\"_blank\"><img loading=\"lazy\" class=\"alignnone size-full wp-image-675\" src=\"https:\/\/arcampin.be\/primaire\/wp-content\/uploads\/2016\/12\/projet_eta.jpg\" alt=\"projet_eta\" width=\"679\" height=\"866\" srcset=\"https:\/\/arcampin.be\/primaire\/wp-content\/uploads\/2016\/12\/projet_eta.jpg 679w, https:\/\/arcampin.be\/primaire\/wp-content\/uploads\/2016\/12\/projet_eta-235x300.jpg 235w\" sizes=\"(max-width: 679px) 100vw, 679px\" \/><\/a><\/p>\n<p><a href=\"http:\/\/arcampin.be\/blog\/wp-content\/uploads\/2016\/08\/1617-PROJET.pdf\" target=\"_blank\">Consultez notre projet d&rsquo;\u00e9tablissement en format .pdf (\u00a0<b><span style=\"color: #cc3333;\"><img loading=\"lazy\" class=\"alignnone wp-image-678\" src=\"https:\/\/arcampin.be\/primaire\/wp-content\/uploads\/2016\/12\/pdf.jpg\" alt=\"pdf\" width=\"35\" height=\"35\" srcset=\"https:\/\/arcampin.be\/primaire\/wp-content\/uploads\/2016\/12\/pdf.jpg 204w, https:\/\/arcampin.be\/primaire\/wp-content\/uploads\/2016\/12\/pdf-150x150.jpg 150w\" sizes=\"(max-width: 35px) 100vw, 35px\" \/>\u00a0)<\/span><\/b><\/a><\/p>\n","protected":false},"excerpt":{"rendered":"<p>\u00ab\u00a0REUSSIR ENSEMBLE ET CONDUIRE CHACUN\u00a0VERS SA PROPRE EXCELLENCE\u00a0\u00bb (Lien PDF \u00a0) A l\u2019Ath\u00e9n\u00e9e Robert Campin, nous avons d\u00e9cid\u00e9, dans le respect du D\u00e9cret Missions, de baser notre projet d\u2019\u00e9tablissement sur des projets p\u00e9dagogiques et&#46;&#46;&#46;<\/p>\n","protected":false},"author":1,"featured_media":0,"parent":0,"menu_order":0,"comment_status":"closed","ping_status":"closed","template":"","meta":[],"_links":{"self":[{"href":"https:\/\/arcampin.be\/primaire\/wp-json\/wp\/v2\/pages\/28"}],"collection":[{"href":"https:\/\/arcampin.be\/primaire\/wp-json\/wp\/v2\/pages"}],"about":[{"href":"https:\/\/arcampin.be\/primaire\/wp-json\/wp\/v2\/types\/page"}],"author":[{"embeddable":true,"href":"https:\/\/arcampin.be\/primaire\/wp-json\/wp\/v2\/users\/1"}],"replies":[{"embeddable":true,"href":"https:\/\/arcampin.be\/primaire\/wp-json\/wp\/v2\/comments?post=28"}],"version-history":[{"count":8,"href":"https:\/\/arcampin.be\/primaire\/wp-json\/wp\/v2\/pages\/28\/revisions"}],"predecessor-version":[{"id":680,"href":"https:\/\/arcampin.be\/primaire\/wp-json\/wp\/v2\/pages\/28\/revisions\/680"}],"wp:attachment":[{"href":"https:\/\/arcampin.be\/primaire\/wp-json\/wp\/v2\/media?parent=28"}],"curies":[{"name":"wp","href":"https:\/\/api.w.org\/{rel}","templated":true}]}}